{"id":3534,"date":"2019-10-12T15:53:47","date_gmt":"2019-10-12T15:53:47","guid":{"rendered":"http:\/\/balkanwines.ca\/?page_id=3534"},"modified":"2019-10-19T11:15:00","modified_gmt":"2019-10-19T11:15:00","slug":"wines-of-spa","status":"publish","type":"page","link":"https:\/\/balkanwines.ca\/index.php\/wines-of-spa\/","title":{"rendered":"WINES OF SPAIN"},"content":{"rendered":"\t\t<div data-elementor-type=\"wp-page\" data-elementor-id=\"3534\" class=\"elementor elementor-3534\">\n\t\t\t\t\t\t<section class=\"elementor-section elementor-top-section elementor-element elementor-element-33c247d elementor-section-boxed elementor-section-height-default elementor-section-height-default\" data-id=\"33c247d\" data-element_type=\"section\">\n\t\t\t\t\t\t<div class=\"elementor-container elementor-column-gap-default\">\n\t\t\t\t\t<div class=\"elementor-column elementor-col-50 elementor-top-column elementor-element elementor-element-7fe6879\" data-id=\"7fe6879\" data-element_type=\"column\">\n\t\t\t<div class=\"elementor-widget-wrap elementor-element-populated\">\n\t\t\t\t\t\t<div class=\"elementor-element elementor-element-d909329 elementor-widget elementor-widget-heading\" data-id=\"d909329\" data-element_type=\"widget\" data-widget_type=\"heading.default\">\n\t\t\t\t<div class=\"elementor-widget-container\">\n\t\t\t\t\t<h2 class=\"elementor-heading-title elementor-size-default\"><h5>WELCOME TO<\/h5><\/h2>\t\t\t\t<\/div>\n\t\t\t\t<\/div>\n\t\t\t\t\t<\/div>\n\t\t<\/div>\n\t\t\t\t<div class=\"elementor-column elementor-col-50 elementor-top-column elementor-element elementor-element-a366162\" data-id=\"a366162\" data-element_type=\"column\">\n\t\t\t<div class=\"elementor-widget-wrap elementor-element-populated\">\n\t\t\t\t\t\t<div class=\"elementor-element elementor-element-92d372f elementor-widget elementor-widget-image\" data-id=\"92d372f\" data-element_type=\"widget\" data-widget_type=\"image.default\">\n\t\t\t\t<div class=\"elementor-widget-container\">\n\t\t\t\t\t\t\t\t\t\t\t\t\t\t\t<img decoding=\"async\" src=\"https:\/\/balkanwines.ca\/wp-content\/uploads\/2019\/10\/augusti-torello.png\" title=\"augusti torello\" alt=\"augusti torello\" loading=\"lazy\" \/>\t\t\t\t\t\t\t\t\t\t\t\t\t\t\t<\/div>\n\t\t\t\t<\/div>\n\t\t\t\t\t<\/div>\n\t\t<\/div>\n\t\t\t\t\t<\/div>\n\t\t<\/section>\n\t\t\t\t<section class=\"elementor-section elementor-top-section elementor-element elementor-element-e1869cc elementor-section-boxed elementor-section-height-default elementor-section-height-default\" data-id=\"e1869cc\" data-element_type=\"section\">\n\t\t\t\t\t\t<div class=\"elementor-container elementor-column-gap-default\">\n\t\t\t\t\t<div class=\"elementor-column elementor-col-50 elementor-top-column elementor-element elementor-element-cb83509\" data-id=\"cb83509\" data-element_type=\"column\">\n\t\t\t<div class=\"elementor-widget-wrap elementor-element-populated\">\n\t\t\t\t\t\t<div class=\"elementor-element elementor-element-16c35e3 elementor-widget elementor-widget-text-editor\" data-id=\"16c35e3\" data-element_type=\"widget\" data-widget_type=\"text-editor.default\">\n\t\t\t\t<div class=\"elementor-widget-container\">\n\t\t\t\t\t\t\t\t\t<h5><span style=\"color: #000000;\">AGUST\u00cd TORELL\u00d3 MATA Cava\u00a0<\/span><\/h5><p><span style=\"color: #000000;\">is the fruit of a personal commitment. The commitment of a family and team who, year after year, harvest after harvest, take part in the miracle of creating extraordinary, internationally recognized cavas.<\/span><\/p><h5><span style=\"color: #000000;\">A CAVA WITH SOUL<\/span><\/h5><p><span style=\"color: #000000;\">Our cavas come from the best Pened\u00e8s vines. They are made with respect to the local varieties and are in harmony with the terrain, the soil, climate, the process and tradition. These are cavas that strive for perfection. Cavas that speak for themselves. They are cavas with soul.<\/span><\/p><p><span style=\"color: #000000; font-family: 'Roboto Slab'; font-size: 20px; font-weight: bold; text-transform: uppercase;\">AGUST\u00cd TORELL\u00d3\u00a0<\/span><\/p><p><span style=\"color: #000000;\">only makes cava with local Pened\u00e8s grape varieties, grapes from the oldest vines. The winemaker&#8217;s experience, passion, love and respect for the environment is closed in each and every bottle.<\/span><\/p><h5>OUR ORIGIN, EL PENED\u00c9S<\/h5><p style=\"font-size: 16px;\">Penedes lies in a horseshoe of mountains open to the sea where you can find some very special climate, the region covers an area from the sea level up to more than 800 meters above.<br \/>Our winery is located in Sant Sadurn\u00ed d&#8217;Anoia, in the heart of Pened\u00e9s, about 45km south of Barcelona. The Central Valley of Penedes is the area where Xarel\u00b7lo grape is the main star. This grape variety is the main structure of our products. The proximity to the Mediterranean is directly related to mild weather and hot temperature. On the coastal part of the region, in the Masis del Garraf, the Macabeos grape find it an ideal place to develop and mature in a balanced way. This grape is providing the characteristic varietal sweetness of our cavas. As for as the most mountainous area in the interior, in the Serralada del Prelitoral, we grow Parellada grape. It adds aromas and good acidity due to the thermal contrast based on the altitude.<\/p>\t\t\t\t\t\t\t\t<\/div>\n\t\t\t\t<\/div>\n\t\t\t\t\t<\/div>\n\t\t<\/div>\n\t\t\t\t<div class=\"elementor-column elementor-col-50 elementor-top-column elementor-element elementor-element-4b407f1\" data-id=\"4b407f1\" data-element_type=\"column\">\n\t\t\t<div class=\"elementor-widget-wrap elementor-element-populated\">\n\t\t\t\t\t\t<div class=\"elementor-element elementor-element-237575f elementor-widget elementor-widget-image\" data-id=\"237575f\" data-element_type=\"widget\" data-widget_type=\"image.default\">\n\t\t\t\t<div class=\"elementor-widget-container\">\n\t\t\t\t\t\t\t\t\t\t\t\t\t\t\t<img decoding=\"async\" width=\"300\" height=\"120\" src=\"https:\/\/balkanwines.ca\/wp-content\/uploads\/2019\/09\/HA3A2296-300x120.jpg\" class=\"attachment-medium size-medium wp-image-3361\" alt=\"\" srcset=\"https:\/\/balkanwines.ca\/wp-content\/uploads\/2019\/09\/HA3A2296-300x120.jpg 300w, https:\/\/balkanwines.ca\/wp-content\/uploads\/2019\/09\/HA3A2296-768x307.jpg 768w, https:\/\/balkanwines.ca\/wp-content\/uploads\/2019\/09\/HA3A2296-1024x409.jpg 1024w\" sizes=\"(max-width: 300px) 100vw, 300px\" \/>\t\t\t\t\t\t\t\t\t\t\t\t\t\t\t<\/div>\n\t\t\t\t<\/div>\n\t\t\t\t<div class=\"elementor-element elementor-element-b5a68ce elementor-widget elementor-widget-image\" data-id=\"b5a68ce\" data-element_type=\"widget\" data-widget_type=\"image.default\">\n\t\t\t\t<div class=\"elementor-widget-container\">\n\t\t\t\t\t\t\t\t\t\t\t\t\t\t\t<img fetchpriority=\"high\" decoding=\"async\" width=\"300\" height=\"200\" src=\"https:\/\/balkanwines.ca\/wp-content\/uploads\/2019\/09\/Exterior-caves-font-de-dia-300x200.jpg\" class=\"attachment-medium size-medium wp-image-3359\" alt=\"\" srcset=\"https:\/\/balkanwines.ca\/wp-content\/uploads\/2019\/09\/Exterior-caves-font-de-dia-300x200.jpg 300w, https:\/\/balkanwines.ca\/wp-content\/uploads\/2019\/09\/Exterior-caves-font-de-dia-768x512.jpg 768w, https:\/\/balkanwines.ca\/wp-content\/uploads\/2019\/09\/Exterior-caves-font-de-dia-1024x683.jpg 1024w, https:\/\/balkanwines.ca\/wp-content\/uploads\/2019\/09\/Exterior-caves-font-de-dia-272x182.jpg 272w\" sizes=\"(max-width: 300px) 100vw, 300px\" \/>\t\t\t\t\t\t\t\t\t\t\t\t\t\t\t<\/div>\n\t\t\t\t<\/div>\n\t\t\t\t<div class=\"elementor-element elementor-element-07ba17a elementor-widget elementor-widget-image\" data-id=\"07ba17a\" data-element_type=\"widget\" data-widget_type=\"image.default\">\n\t\t\t\t<div class=\"elementor-widget-container\">\n\t\t\t\t\t\t\t\t\t\t\t\t\t\t\t<img decoding=\"async\" width=\"300\" height=\"199\" src=\"https:\/\/balkanwines.ca\/wp-content\/uploads\/2019\/09\/DSC_6468-300x199.jpg\" class=\"attachment-medium size-medium wp-image-3358\" alt=\"\" srcset=\"https:\/\/balkanwines.ca\/wp-content\/uploads\/2019\/09\/DSC_6468-300x199.jpg 300w, https:\/\/balkanwines.ca\/wp-content\/uploads\/2019\/09\/DSC_6468-768x509.jpg 768w, https:\/\/balkanwines.ca\/wp-content\/uploads\/2019\/09\/DSC_6468-1024x678.jpg 1024w\" sizes=\"(max-width: 300px) 100vw, 300px\" \/>\t\t\t\t\t\t\t\t\t\t\t\t\t\t\t<\/div>\n\t\t\t\t<\/div>\n\t\t\t\t<div class=\"elementor-element elementor-element-da377fc elementor-widget elementor-widget-image\" data-id=\"da377fc\" data-element_type=\"widget\" data-widget_type=\"image.default\">\n\t\t\t\t<div class=\"elementor-widget-container\">\n\t\t\t\t\t\t\t\t\t\t\t\t\t\t\t<img loading=\"lazy\" decoding=\"async\" width=\"300\" height=\"169\" src=\"https:\/\/balkanwines.ca\/wp-content\/uploads\/2019\/09\/20150723_125103-300x169.jpg\" class=\"attachment-medium size-medium wp-image-3357\" alt=\"\" srcset=\"https:\/\/balkanwines.ca\/wp-content\/uploads\/2019\/09\/20150723_125103-300x169.jpg 300w, https:\/\/balkanwines.ca\/wp-content\/uploads\/2019\/09\/20150723_125103-768x432.jpg 768w, https:\/\/balkanwines.ca\/wp-content\/uploads\/2019\/09\/20150723_125103-1024x576.jpg 1024w\" sizes=\"(max-width: 300px) 100vw, 300px\" \/>\t\t\t\t\t\t\t\t\t\t\t\t\t\t\t<\/div>\n\t\t\t\t<\/div>\n\t\t\t\t<div class=\"elementor-element elementor-element-0ff2203 elementor-widget elementor-widget-image\" data-id=\"0ff2203\" data-element_type=\"widget\" data-widget_type=\"image.default\">\n\t\t\t\t<div class=\"elementor-widget-container\">\n\t\t\t\t\t\t\t\t\t\t\t\t\t\t\t<img loading=\"lazy\" decoding=\"async\" width=\"300\" height=\"200\" src=\"https:\/\/balkanwines.ca\/wp-content\/uploads\/2019\/09\/FINCA-SANT-JOAN-DE-MEDIONA-GLOBAL-IMATGE-JUNY-2014-11-300x200.jpg\" class=\"attachment-medium size-medium wp-image-3360\" alt=\"\" srcset=\"https:\/\/balkanwines.ca\/wp-content\/uploads\/2019\/09\/FINCA-SANT-JOAN-DE-MEDIONA-GLOBAL-IMATGE-JUNY-2014-11-300x200.jpg 300w, https:\/\/balkanwines.ca\/wp-content\/uploads\/2019\/09\/FINCA-SANT-JOAN-DE-MEDIONA-GLOBAL-IMATGE-JUNY-2014-11-768x512.jpg 768w, https:\/\/balkanwines.ca\/wp-content\/uploads\/2019\/09\/FINCA-SANT-JOAN-DE-MEDIONA-GLOBAL-IMATGE-JUNY-2014-11-1024x683.jpg 1024w, https:\/\/balkanwines.ca\/wp-content\/uploads\/2019\/09\/FINCA-SANT-JOAN-DE-MEDIONA-GLOBAL-IMATGE-JUNY-2014-11-272x182.jpg 272w\" sizes=\"(max-width: 300px) 100vw, 300px\" \/>\t\t\t\t\t\t\t\t\t\t\t\t\t\t\t<\/div>\n\t\t\t\t<\/div>\n\t\t\t\t\t<\/div>\n\t\t<\/div>\n\t\t\t\t\t<\/div>\n\t\t<\/section>\n\t\t\t\t<section class=\"elementor-section elementor-top-section elementor-element elementor-element-b5f09b1 elementor-section-boxed elementor-section-height-default elementor-section-height-default\" data-id=\"b5f09b1\" data-element_type=\"section\">\n\t\t\t\t\t\t<div class=\"elementor-container elementor-column-gap-default\">\n\t\t\t\t\t<div class=\"elementor-column elementor-col-50 elementor-top-column elementor-element elementor-element-5b73c0c\" data-id=\"5b73c0c\" data-element_type=\"column\">\n\t\t\t<div class=\"elementor-widget-wrap elementor-element-populated\">\n\t\t\t\t\t\t<div class=\"elementor-element elementor-element-3e6707d elementor-widget elementor-widget-image\" data-id=\"3e6707d\" data-element_type=\"widget\" data-widget_type=\"image.default\">\n\t\t\t\t<div class=\"elementor-widget-container\">\n\t\t\t\t\t\t\t\t\t\t\t\t\t\t\t<img loading=\"lazy\" decoding=\"async\" width=\"867\" height=\"1024\" src=\"https:\/\/balkanwines.ca\/wp-content\/uploads\/2019\/09\/CAVA-867x1024.jpg\" class=\"attachment-large size-large wp-image-3355\" alt=\"\" srcset=\"https:\/\/balkanwines.ca\/wp-content\/uploads\/2019\/09\/CAVA-867x1024.jpg 867w, https:\/\/balkanwines.ca\/wp-content\/uploads\/2019\/09\/CAVA-254x300.jpg 254w, https:\/\/balkanwines.ca\/wp-content\/uploads\/2019\/09\/CAVA-768x907.jpg 768w, https:\/\/balkanwines.ca\/wp-content\/uploads\/2019\/09\/CAVA.jpg 924w\" sizes=\"(max-width: 867px) 100vw, 867px\" \/>\t\t\t\t\t\t\t\t\t\t\t\t\t\t\t<\/div>\n\t\t\t\t<\/div>\n\t\t\t\t<div class=\"elementor-element elementor-element-6c09b5e elementor-widget elementor-widget-text-editor\" data-id=\"6c09b5e\" data-element_type=\"widget\" data-widget_type=\"text-editor.default\">\n\t\t\t\t<div class=\"elementor-widget-container\">\n\t\t\t\t\t\t\t\t\t<p>DO CAVA, Spain\u00a0<br \/>Vintage: 2015<br \/><span style=\"color: #800000;\">$ N\/A<\/span>\u00a0<br \/>Bottle Size: 750 mL <br \/>Alcohol\/Vol: 11.5% <br \/>Varietal: 48% Macabeo; 19% Xarel\u00b7lo; 34% Parellada<\/p><p>\u200bSAQ product code#:<\/p><p>Golden aspect with greenish reflections, very well integrated carbonic with fine and persistent bubbles of slow evolution and good rosary formation. Aromas of apple with notes of caramel, fresh grass and a touch of menthol balsams.<\/p><p><strong>Food pairing:<\/strong> A cava to enjoy at any time. Ideal for appetizers, fish, seafood cream, white meat, goat cheese and desserts. Serve between 6 &#8211; 7\u00baC<\/p>\t\t\t\t\t\t\t\t<\/div>\n\t\t\t\t<\/div>\n\t\t\t\t<div class=\"elementor-element elementor-element-4d3c346 elementor-widget elementor-widget-image\" data-id=\"4d3c346\" data-element_type=\"widget\" data-widget_type=\"image.default\">\n\t\t\t\t<div class=\"elementor-widget-container\">\n\t\t\t\t\t\t\t\t\t\t\t\t\t\t\t<img loading=\"lazy\" decoding=\"async\" width=\"300\" height=\"100\" src=\"https:\/\/balkanwines.ca\/wp-content\/uploads\/2019\/09\/fish-300x100.png\" class=\"attachment-medium size-medium wp-image-3356\" alt=\"\" srcset=\"https:\/\/balkanwines.ca\/wp-content\/uploads\/2019\/09\/fish-300x100.png 300w, https:\/\/balkanwines.ca\/wp-content\/uploads\/2019\/09\/fish-768x256.png 768w, https:\/\/balkanwines.ca\/wp-content\/uploads\/2019\/09\/fish-1024x341.png 1024w, https:\/\/balkanwines.ca\/wp-content\/uploads\/2019\/09\/fish.png 1500w\" sizes=\"(max-width: 300px) 100vw, 300px\" \/>\t\t\t\t\t\t\t\t\t\t\t\t\t\t\t<\/div>\n\t\t\t\t<\/div>\n\t\t\t\t\t<\/div>\n\t\t<\/div>\n\t\t\t\t<div class=\"elementor-column elementor-col-50 elementor-top-column elementor-element elementor-element-6697f01\" data-id=\"6697f01\" data-element_type=\"column\">\n\t\t\t<div class=\"elementor-widget-wrap elementor-element-populated\">\n\t\t\t\t\t\t<div class=\"elementor-element elementor-element-2b94d7b elementor-widget elementor-widget-text-editor\" data-id=\"2b94d7b\" data-element_type=\"widget\" data-widget_type=\"text-editor.default\">\n\t\t\t\t<div class=\"elementor-widget-container\">\n\t\t\t\t\t\t\t\t\t<h5>Vintage 2015<\/h5><p>One of the coldest winters in the past years in Pened\u00e8s. In January there was a frost and even some snow, that caused very drastic temperature falls throughout the region. This contributed to the humidity and great thermal contrasts that favored the plant. From May until the harvest, there were warm temperatures and heat waves typical of the season.<br \/>The harvest was scarce but with excellent quality. The grapes were well-ripened and with good balanced acidity. During the agricultural year (October 2014 to September 2015) the rainfall was 375L \/ m2 with an average temperature of 15.5\u00baC.\u00a0<\/p>\t\t\t\t\t\t\t\t<\/div>\n\t\t\t\t<\/div>\n\t\t\t\t<div class=\"elementor-element elementor-element-6850375 elementor-widget elementor-widget-text-editor\" data-id=\"6850375\" data-element_type=\"widget\" data-widget_type=\"text-editor.default\">\n\t\t\t\t<div class=\"elementor-widget-container\">\n\t\t\t\t\t\t\t\t\t<p><span style=\"color: #343434; font-family: 'Roboto Slab'; font-size: 20px; font-weight: bold; text-transform: uppercase;\">Organic Viticulture<\/span><\/p><p>Made exclusively from organic vineyards, vins between 30 and 40 years old with argillic-loam soils which are distributed throughout Pened\u00e9s. We rely on monitoring of all vines and the preventive treatment of our land, leaving vegetable coverings to maintain humidity and sponginess of the soil, thus establishing a natural competence of the vine. We believe in sustainability, agriculture that respects the environment, treatment without applying chemical pesticides or herbicides. We perform routine checks, testing, and ripening controls before the harvest. All grapes are handpicked at the optimal time.<\/p>\t\t\t\t\t\t\t\t<\/div>\n\t\t\t\t<\/div>\n\t\t\t\t<div class=\"elementor-element elementor-element-0f46bc9 elementor-widget elementor-widget-text-editor\" data-id=\"0f46bc9\" data-element_type=\"widget\" data-widget_type=\"text-editor.default\">\n\t\t\t\t<div class=\"elementor-widget-container\">\n\t\t\t\t\t\t\t\t\t<h5>Elaboration<\/h5><p>Entered by gravity in the cellar, with low pressures we extract the must to ensure excellent raw material. Defrosted statically at low temperatures. The fermentation is taken place in stainless steel tanks at a controlled temperature of 16\u00baC and inoculating a selected autochthonous yeast.<br \/>Each grape variety is vinified separately after harvesting. Differentiating in groups of plots according to their geographical location.<br \/>Clarification with bentonite makes it suitable for vegans.<br \/>Based on the traditional method, the second fermentation is taken place in the bottle. Our cava Brut Reserva 2015 is aged 36 months.<br \/>The date written on the back label indicates the end of the aging and guarantees that the wine is ideal for consumption.<\/p>\t\t\t\t\t\t\t\t<\/div>\n\t\t\t\t<\/div>\n\t\t\t\t\t<\/div>\n\t\t<\/div>\n\t\t\t\t\t<\/div>\n\t\t<\/section>\n\t\t\t\t<section class=\"elementor-section elementor-top-section elementor-element elementor-element-c0dcd5b elementor-section-boxed elementor-section-height-default elementor-section-height-default\" data-id=\"c0dcd5b\" data-element_type=\"section\">\n\t\t\t\t\t\t<div class=\"elementor-container elementor-column-gap-default\">\n\t\t\t\t\t<div class=\"elementor-column elementor-col-50 elementor-top-column elementor-element elementor-element-2d68509\" data-id=\"2d68509\" data-element_type=\"column\">\n\t\t\t<div class=\"elementor-widget-wrap elementor-element-populated\">\n\t\t\t\t\t\t<div class=\"elementor-element elementor-element-5418274 elementor-widget elementor-widget-heading\" data-id=\"5418274\" data-element_type=\"widget\" data-widget_type=\"heading.default\">\n\t\t\t\t<div class=\"elementor-widget-container\">\n\t\t\t\t\t<h2 class=\"elementor-heading-title elementor-size-default\"><h5>READY TO SHIP<\/h5><\/h2>\t\t\t\t<\/div>\n\t\t\t\t<\/div>\n\t\t\t\t\t<\/div>\n\t\t<\/div>\n\t\t\t\t<div class=\"elementor-column elementor-col-50 elementor-top-column elementor-element elementor-element-3587662\" data-id=\"3587662\" data-element_type=\"column\">\n\t\t\t<div class=\"elementor-widget-wrap elementor-element-populated\">\n\t\t\t\t\t\t<div class=\"elementor-element elementor-element-60d2fb7 elementor-widget elementor-widget-image-gallery\" data-id=\"60d2fb7\" data-element_type=\"widget\" data-widget_type=\"image-gallery.default\">\n\t\t\t\t<div class=\"elementor-widget-container\">\n\t\t\t\t\t\t\t<div class=\"elementor-image-gallery\">\n\t\t\t\n\t\t<style type=\"text\/css\">\n\t\t\t#gallery-1 {\n\t\t\t\tmargin: auto;\n\t\t\t}\n\t\t\t#gallery-1 .gallery-item {\n\t\t\t\tfloat: left;\n\t\t\t\tmargin-top: 10px;\n\t\t\t\ttext-align: center;\n\t\t\t\twidth: 20%;\n\t\t\t}\n\t\t\t#gallery-1 img {\n\t\t\t\tborder: 2px solid #cfcfcf;\n\t\t\t}\n\t\t\t#gallery-1 .gallery-caption {\n\t\t\t\tmargin-left: 0;\n\t\t\t}\n\t\t\t\/* see gallery_shortcode() in wp-includes\/media.php *\/\n\t\t<\/style>\n\t\t<div id='gallery-1' class='gallery galleryid-3534 gallery-columns-5 gallery-size-thumbnail'><dl class='gallery-item'>\n\t\t\t<dt class='gallery-icon landscape'>\n\t\t\t\t<a data-elementor-open-lightbox=\"yes\" data-elementor-lightbox-slideshow=\"60d2fb7\" data-elementor-lightbox-title=\"IMG_1680\" data-e-action-hash=\"#elementor-action%3Aaction%3Dlightbox%26settings%3DeyJpZCI6MzM2NSwidXJsIjoiaHR0cHM6XC9cL2JhbGthbndpbmVzLmNhXC93cC1jb250ZW50XC91cGxvYWRzXC8yMDE5XC8wOVwvSU1HXzE2ODAtMS5qcGciLCJzbGlkZXNob3ciOiI2MGQyZmI3In0%3D\" href='https:\/\/balkanwines.ca\/wp-content\/uploads\/2019\/09\/IMG_1680-1.jpg'><img loading=\"lazy\" decoding=\"async\" width=\"150\" height=\"150\" src=\"https:\/\/balkanwines.ca\/wp-content\/uploads\/2019\/09\/IMG_1680-1-150x150.jpg\" class=\"attachment-thumbnail size-thumbnail\" alt=\"\" \/><\/a>\n\t\t\t<\/dt><\/dl><dl class='gallery-item'>\n\t\t\t<dt class='gallery-icon landscape'>\n\t\t\t\t<a data-elementor-open-lightbox=\"yes\" data-elementor-lightbox-slideshow=\"60d2fb7\" data-elementor-lightbox-title=\"IMG_1679\" data-e-action-hash=\"#elementor-action%3Aaction%3Dlightbox%26settings%3DeyJpZCI6MzM2NCwidXJsIjoiaHR0cHM6XC9cL2JhbGthbndpbmVzLmNhXC93cC1jb250ZW50XC91cGxvYWRzXC8yMDE5XC8wOVwvSU1HXzE2NzkuanBnIiwic2xpZGVzaG93IjoiNjBkMmZiNyJ9\" href='https:\/\/balkanwines.ca\/wp-content\/uploads\/2019\/09\/IMG_1679.jpg'><img loading=\"lazy\" decoding=\"async\" width=\"150\" height=\"150\" src=\"https:\/\/balkanwines.ca\/wp-content\/uploads\/2019\/09\/IMG_1679-150x150.jpg\" class=\"attachment-thumbnail size-thumbnail\" alt=\"\" \/><\/a>\n\t\t\t<\/dt><\/dl><dl class='gallery-item'>\n\t\t\t<dt class='gallery-icon landscape'>\n\t\t\t\t<a data-elementor-open-lightbox=\"yes\" data-elementor-lightbox-slideshow=\"60d2fb7\" data-elementor-lightbox-title=\"IMG_1678\" data-e-action-hash=\"#elementor-action%3Aaction%3Dlightbox%26settings%3DeyJpZCI6MzM2MywidXJsIjoiaHR0cHM6XC9cL2JhbGthbndpbmVzLmNhXC93cC1jb250ZW50XC91cGxvYWRzXC8yMDE5XC8wOVwvSU1HXzE2NzguanBnIiwic2xpZGVzaG93IjoiNjBkMmZiNyJ9\" href='https:\/\/balkanwines.ca\/wp-content\/uploads\/2019\/09\/IMG_1678.jpg'><img loading=\"lazy\" decoding=\"async\" width=\"150\" height=\"150\" src=\"https:\/\/balkanwines.ca\/wp-content\/uploads\/2019\/09\/IMG_1678-150x150.jpg\" class=\"attachment-thumbnail size-thumbnail\" alt=\"\" \/><\/a>\n\t\t\t<\/dt><\/dl><dl class='gallery-item'>\n\t\t\t<dt class='gallery-icon landscape'>\n\t\t\t\t<a data-elementor-open-lightbox=\"yes\" data-elementor-lightbox-slideshow=\"60d2fb7\" data-elementor-lightbox-title=\"IMG_1677\" data-e-action-hash=\"#elementor-action%3Aaction%3Dlightbox%26settings%3DeyJpZCI6MzM2MiwidXJsIjoiaHR0cHM6XC9cL2JhbGthbndpbmVzLmNhXC93cC1jb250ZW50XC91cGxvYWRzXC8yMDE5XC8wOVwvSU1HXzE2NzcuanBnIiwic2xpZGVzaG93IjoiNjBkMmZiNyJ9\" href='https:\/\/balkanwines.ca\/wp-content\/uploads\/2019\/09\/IMG_1677.jpg'><img loading=\"lazy\" decoding=\"async\" width=\"150\" height=\"150\" src=\"https:\/\/balkanwines.ca\/wp-content\/uploads\/2019\/09\/IMG_1677-150x150.jpg\" class=\"attachment-thumbnail size-thumbnail\" alt=\"\" \/><\/a>\n\t\t\t<\/dt><\/dl><dl class='gallery-item'>\n\t\t\t<dt class='gallery-icon landscape'>\n\t\t\t\t<a data-elementor-open-lightbox=\"yes\" data-elementor-lightbox-slideshow=\"60d2fb7\" data-elementor-lightbox-title=\"IMG_1681\" data-e-action-hash=\"#elementor-action%3Aaction%3Dlightbox%26settings%3DeyJpZCI6MzM2NiwidXJsIjoiaHR0cHM6XC9cL2JhbGthbndpbmVzLmNhXC93cC1jb250ZW50XC91cGxvYWRzXC8yMDE5XC8wOVwvSU1HXzE2ODEuanBnIiwic2xpZGVzaG93IjoiNjBkMmZiNyJ9\" href='https:\/\/balkanwines.ca\/wp-content\/uploads\/2019\/09\/IMG_1681.jpg'><img loading=\"lazy\" decoding=\"async\" width=\"150\" height=\"150\" src=\"https:\/\/balkanwines.ca\/wp-content\/uploads\/2019\/09\/IMG_1681-150x150.jpg\" class=\"attachment-thumbnail size-thumbnail\" alt=\"\" \/><\/a>\n\t\t\t<\/dt><\/dl><br style=\"clear: both\" \/>\n\t\t<\/div>\n\t\t<\/div>\n\t\t\t\t\t\t<\/div>\n\t\t\t\t<\/div>\n\t\t\t\t\t<\/div>\n\t\t<\/div>\n\t\t\t\t\t<\/div>\n\t\t<\/section>\n\t\t\t\t<section class=\"elementor-section elementor-top-section elementor-element elementor-element-b0f0c41 elementor-section-boxed elementor-section-height-default elementor-section-height-default\" data-id=\"b0f0c41\" data-element_type=\"section\" data-settings=\"{&quot;background_background&quot;:&quot;classic&quot;}\">\n\t\t\t\t\t\t<div class=\"elementor-container elementor-column-gap-narrow\">\n\t\t\t\t\t<div class=\"elementor-column elementor-col-100 elementor-top-column elementor-element elementor-element-2c47a75\" data-id=\"2c47a75\" data-element_type=\"column\">\n\t\t\t<div class=\"elementor-widget-wrap elementor-element-populated\">\n\t\t\t\t\t\t<div class=\"elementor-element elementor-element-dc2bbe8 elementor-widget elementor-widget-heading\" data-id=\"dc2bbe8\" data-element_type=\"widget\" data-widget_type=\"heading.default\">\n\t\t\t\t<div class=\"elementor-widget-container\">\n\t\t\t\t\t<h2 class=\"elementor-heading-title elementor-size-xl\">Find Store!<\/h2>\t\t\t\t<\/div>\n\t\t\t\t<\/div>\n\t\t\t\t<div class=\"elementor-element elementor-element-c425806 elementor-widget elementor-widget-text-editor\" data-id=\"c425806\" data-element_type=\"widget\" data-widget_type=\"text-editor.default\">\n\t\t\t\t<div class=\"elementor-widget-container\">\n\t\t\t\t\t\t\t\t\t<p style=\"text-align: center;\">In the event of a price discrepancy between online and in store, the store price prevails.<\/p>\t\t\t\t\t\t\t\t<\/div>\n\t\t\t\t<\/div>\n\t\t\t\t<div class=\"elementor-element elementor-element-97fa071 elementor-button-info elementor-align-center elementor-widget elementor-widget-button\" data-id=\"97fa071\" data-element_type=\"widget\" data-widget_type=\"button.default\">\n\t\t\t\t<div class=\"elementor-widget-container\">\n\t\t\t\t\t\t\t\t\t<div class=\"elementor-button-wrapper\">\n\t\t\t\t\t<a class=\"elementor-button elementor-button-link elementor-size-lg\" href=\"#\">\n\t\t\t\t\t\t<span class=\"elementor-button-content-wrapper\">\n\t\t\t\t\t\t\t\t\t<span class=\"elementor-button-text\">COMING SOON!<\/span>\n\t\t\t\t\t<\/span>\n\t\t\t\t\t<\/a>\n\t\t\t\t<\/div>\n\t\t\t\t\t\t\t\t<\/div>\n\t\t\t\t<\/div>\n\t\t\t\t\t<\/div>\n\t\t<\/div>\n\t\t\t\t\t<\/div>\n\t\t<\/section>\n\t\t\t\t<\/div>\n\t\t<!-- sktbuilder starter --><script type=\"text\/javascript\" src=\"https:\/\/balkanwines.ca\/wp-content\/plugins\/skt-builder\/sktbuilder\/sktbuilder-frontend-starter.js\"><\/script><script type=\"text\/javascript\" src=\"https:\/\/balkanwines.ca\/wp-content\/plugins\/skt-builder\/sktbuilder-wordpress-driver.js\"><\/script><script type=\"text\/javascript\"> var starter = new SktbuilderStarter({\"mode\": \"prod\", \"skip\":[\"jquery\",\"underscore\",\"backbone\"],\"sktbuilderUrl\": \"https:\/\/balkanwines.ca\/wp-content\/plugins\/skt-builder\/sktbuilder\/\", \"driver\": new SktbuilderWordpressDriver({\"ajaxUrl\": \"https:\/\/balkanwines.ca\/wp-admin\/admin-ajax.php\", \"iframeUrl\": \"https:\/\/balkanwines.ca\/index.php\/wines-of-spa\/?sktbuilder=true\", \"pageId\": 3534,  \"nonce\": \"4fa3cb791e\", \"pages\": [{\"title\":\"Posts\",\"url\":\"https:\\\/\\\/balkanwines.ca\\\/wp-admin\\\/post.php?post=556&action=sktbuilder\"},{\"title\":\"WINES IN QUEBEC\",\"url\":\"https:\\\/\\\/balkanwines.ca\\\/wp-admin\\\/post.php?post=2818&action=sktbuilder\"},{\"title\":\"FACEBOOK\",\"url\":\"https:\\\/\\\/balkanwines.ca\\\/wp-admin\\\/post.php?post=2839&action=sktbuilder\"},{\"title\":\"LCBO VINTAGES\",\"url\":\"https:\\\/\\\/balkanwines.ca\\\/wp-admin\\\/post.php?post=2862&action=sktbuilder\"},{\"title\":\"WINES IN ONTARIO\",\"url\":\"https:\\\/\\\/balkanwines.ca\\\/wp-admin\\\/post.php?post=2913&action=sktbuilder\"}], \"page\": \"WINES OF SPAIN\" }) });<\/script><!-- end sktbuilder starter -->","protected":false},"excerpt":{"rendered":"<p>WELCOME TO AGUST\u00cd TORELL\u00d3 MATA Cava&nbsp; is the fruit of a personal commitment. The commitment of a family and team who, year after year, harvest after harvest, take part in the miracle of creating extraordinary, internationally recognized cavas. A CAVA WITH SOUL Our cavas come from the best Pened\u00e8s vines. They are made with respect to the local varieties and are in harmony with the terrain, the soil, climate, the process and tradition. These are cavas that strive for perfection. Cavas that speak for themselves. They are cavas with soul. AGUST\u00cd TORELL\u00d3&nbsp; only makes cava with local Pened\u00e8s grape varieties,&#8230; <\/p>\n","protected":false},"author":1,"featured_media":0,"parent":0,"menu_order":0,"comment_status":"closed","ping_status":"closed","template":"","meta":{"footnotes":""},"yoast_head":"<!-- This site is optimized with the Yoast SEO plugin v23.5 - https:\/\/yoast.com\/wordpress\/plugins\/seo\/ -->\n<title>WINES OF SPAIN - PV Wine &amp; Spirits<\/title>\n<meta name=\"robots\" content=\"index, follow, max-snippet:-1, max-image-preview:large, max-video-preview:-1\" \/>\n<link rel=\"canonical\" href=\"https:\/\/balkanwines.ca\/index.php\/wines-of-spa\/\" \/>\n<meta property=\"og:locale\" content=\"en_US\" \/>\n<meta property=\"og:type\" content=\"article\" \/>\n<meta property=\"og:title\" content=\"WINES OF SPAIN - PV Wine &amp; Spirits\" \/>\n<meta property=\"og:description\" content=\"WELCOME TO AGUST\u00cd TORELL\u00d3 MATA Cava&nbsp; is the fruit of a personal commitment. The commitment of a family and team who, year after year, harvest after harvest, take part in the miracle of creating extraordinary, internationally recognized cavas. A CAVA WITH SOUL Our cavas come from the best Pened\u00e8s vines. They are made with respect to the local varieties and are in harmony with the terrain, the soil, climate, the process and tradition. These are cavas that strive for perfection. Cavas that speak for themselves. They are cavas with soul. AGUST\u00cd TORELL\u00d3&nbsp; only makes cava with local Pened\u00e8s grape varieties,...\" \/>\n<meta property=\"og:url\" content=\"https:\/\/balkanwines.ca\/index.php\/wines-of-spa\/\" \/>\n<meta property=\"og:site_name\" content=\"PV Wine &amp; Spirits\" \/>\n<meta property=\"article:publisher\" content=\"https:\/\/www.facebook.com\/PVFineSelections\/\" \/>\n<meta property=\"article:modified_time\" content=\"2019-10-19T11:15:00+00:00\" \/>\n<meta property=\"og:image\" content=\"http:\/\/balkanwines.ca\/wp-content\/uploads\/2019\/10\/augusti-torello.png\" \/>\n<meta name=\"twitter:card\" content=\"summary_large_image\" \/>\n<meta name=\"twitter:label1\" content=\"Est. reading time\" \/>\n\t<meta name=\"twitter:data1\" content=\"4 minutes\" \/>\n<script type=\"application\/ld+json\" class=\"yoast-schema-graph\">{\"@context\":\"https:\/\/schema.org\",\"@graph\":[{\"@type\":\"WebPage\",\"@id\":\"https:\/\/balkanwines.ca\/index.php\/wines-of-spa\/\",\"url\":\"https:\/\/balkanwines.ca\/index.php\/wines-of-spa\/\",\"name\":\"WINES OF SPAIN - PV Wine &amp; Spirits\",\"isPartOf\":{\"@id\":\"https:\/\/balkanwines.ca\/#website\"},\"primaryImageOfPage\":{\"@id\":\"https:\/\/balkanwines.ca\/index.php\/wines-of-spa\/#primaryimage\"},\"image\":{\"@id\":\"https:\/\/balkanwines.ca\/index.php\/wines-of-spa\/#primaryimage\"},\"thumbnailUrl\":\"http:\/\/balkanwines.ca\/wp-content\/uploads\/2019\/10\/augusti-torello.png\",\"datePublished\":\"2019-10-12T15:53:47+00:00\",\"dateModified\":\"2019-10-19T11:15:00+00:00\",\"breadcrumb\":{\"@id\":\"https:\/\/balkanwines.ca\/index.php\/wines-of-spa\/#breadcrumb\"},\"inLanguage\":\"en-US\",\"potentialAction\":[{\"@type\":\"ReadAction\",\"target\":[\"https:\/\/balkanwines.ca\/index.php\/wines-of-spa\/\"]}]},{\"@type\":\"ImageObject\",\"inLanguage\":\"en-US\",\"@id\":\"https:\/\/balkanwines.ca\/index.php\/wines-of-spa\/#primaryimage\",\"url\":\"https:\/\/balkanwines.ca\/wp-content\/uploads\/2019\/10\/augusti-torello.png\",\"contentUrl\":\"https:\/\/balkanwines.ca\/wp-content\/uploads\/2019\/10\/augusti-torello.png\",\"width\":2480,\"height\":695},{\"@type\":\"BreadcrumbList\",\"@id\":\"https:\/\/balkanwines.ca\/index.php\/wines-of-spa\/#breadcrumb\",\"itemListElement\":[{\"@type\":\"ListItem\",\"position\":1,\"name\":\"Home\",\"item\":\"https:\/\/balkanwines.ca\/\"},{\"@type\":\"ListItem\",\"position\":2,\"name\":\"WINES OF SPAIN\"}]},{\"@type\":\"WebSite\",\"@id\":\"https:\/\/balkanwines.ca\/#website\",\"url\":\"https:\/\/balkanwines.ca\/\",\"name\":\"PV Wine and Spirits\",\"description\":\"\",\"publisher\":{\"@id\":\"https:\/\/balkanwines.ca\/#organization\"},\"potentialAction\":[{\"@type\":\"SearchAction\",\"target\":{\"@type\":\"EntryPoint\",\"urlTemplate\":\"https:\/\/balkanwines.ca\/?s={search_term_string}\"},\"query-input\":{\"@type\":\"PropertyValueSpecification\",\"valueRequired\":true,\"valueName\":\"search_term_string\"}}],\"inLanguage\":\"en-US\"},{\"@type\":\"Organization\",\"@id\":\"https:\/\/balkanwines.ca\/#organization\",\"name\":\"PV Wine and Spirits\",\"url\":\"https:\/\/balkanwines.ca\/\",\"logo\":{\"@type\":\"ImageObject\",\"inLanguage\":\"en-US\",\"@id\":\"https:\/\/balkanwines.ca\/#\/schema\/logo\/image\/\",\"url\":\"http:\/\/balkanwines.ca\/wp-content\/uploads\/2019\/08\/long-logo-PVWS-EN-red.png\",\"contentUrl\":\"http:\/\/balkanwines.ca\/wp-content\/uploads\/2019\/08\/long-logo-PVWS-EN-red.png\",\"width\":2560,\"height\":683,\"caption\":\"PV Wine and Spirits\"},\"image\":{\"@id\":\"https:\/\/balkanwines.ca\/#\/schema\/logo\/image\/\"},\"sameAs\":[\"https:\/\/www.facebook.com\/PVFineSelections\/\",\"https:\/\/www.instagram.com\/pvwineandspirits\/\"]}]}<\/script>\n<!-- \/ Yoast SEO plugin. -->","yoast_head_json":{"title":"WINES OF SPAIN - PV Wine &amp; Spirits","robots":{"index":"index","follow":"follow","max-snippet":"max-snippet:-1","max-image-preview":"max-image-preview:large","max-video-preview":"max-video-preview:-1"},"canonical":"https:\/\/balkanwines.ca\/index.php\/wines-of-spa\/","og_locale":"en_US","og_type":"article","og_title":"WINES OF SPAIN - PV Wine &amp; Spirits","og_description":"WELCOME TO AGUST\u00cd TORELL\u00d3 MATA Cava&nbsp; is the fruit of a personal commitment. The commitment of a family and team who, year after year, harvest after harvest, take part in the miracle of creating extraordinary, internationally recognized cavas. A CAVA WITH SOUL Our cavas come from the best Pened\u00e8s vines. They are made with respect to the local varieties and are in harmony with the terrain, the soil, climate, the process and tradition. These are cavas that strive for perfection. Cavas that speak for themselves. They are cavas with soul. AGUST\u00cd TORELL\u00d3&nbsp; only makes cava with local Pened\u00e8s grape varieties,...","og_url":"https:\/\/balkanwines.ca\/index.php\/wines-of-spa\/","og_site_name":"PV Wine &amp; Spirits","article_publisher":"https:\/\/www.facebook.com\/PVFineSelections\/","article_modified_time":"2019-10-19T11:15:00+00:00","og_image":[{"url":"http:\/\/balkanwines.ca\/wp-content\/uploads\/2019\/10\/augusti-torello.png"}],"twitter_card":"summary_large_image","twitter_misc":{"Est. reading time":"4 minutes"},"schema":{"@context":"https:\/\/schema.org","@graph":[{"@type":"WebPage","@id":"https:\/\/balkanwines.ca\/index.php\/wines-of-spa\/","url":"https:\/\/balkanwines.ca\/index.php\/wines-of-spa\/","name":"WINES OF SPAIN - PV Wine &amp; Spirits","isPartOf":{"@id":"https:\/\/balkanwines.ca\/#website"},"primaryImageOfPage":{"@id":"https:\/\/balkanwines.ca\/index.php\/wines-of-spa\/#primaryimage"},"image":{"@id":"https:\/\/balkanwines.ca\/index.php\/wines-of-spa\/#primaryimage"},"thumbnailUrl":"http:\/\/balkanwines.ca\/wp-content\/uploads\/2019\/10\/augusti-torello.png","datePublished":"2019-10-12T15:53:47+00:00","dateModified":"2019-10-19T11:15:00+00:00","breadcrumb":{"@id":"https:\/\/balkanwines.ca\/index.php\/wines-of-spa\/#breadcrumb"},"inLanguage":"en-US","potentialAction":[{"@type":"ReadAction","target":["https:\/\/balkanwines.ca\/index.php\/wines-of-spa\/"]}]},{"@type":"ImageObject","inLanguage":"en-US","@id":"https:\/\/balkanwines.ca\/index.php\/wines-of-spa\/#primaryimage","url":"https:\/\/balkanwines.ca\/wp-content\/uploads\/2019\/10\/augusti-torello.png","contentUrl":"https:\/\/balkanwines.ca\/wp-content\/uploads\/2019\/10\/augusti-torello.png","width":2480,"height":695},{"@type":"BreadcrumbList","@id":"https:\/\/balkanwines.ca\/index.php\/wines-of-spa\/#breadcrumb","itemListElement":[{"@type":"ListItem","position":1,"name":"Home","item":"https:\/\/balkanwines.ca\/"},{"@type":"ListItem","position":2,"name":"WINES OF SPAIN"}]},{"@type":"WebSite","@id":"https:\/\/balkanwines.ca\/#website","url":"https:\/\/balkanwines.ca\/","name":"PV Wine and Spirits","description":"","publisher":{"@id":"https:\/\/balkanwines.ca\/#organization"},"potentialAction":[{"@type":"SearchAction","target":{"@type":"EntryPoint","urlTemplate":"https:\/\/balkanwines.ca\/?s={search_term_string}"},"query-input":{"@type":"PropertyValueSpecification","valueRequired":true,"valueName":"search_term_string"}}],"inLanguage":"en-US"},{"@type":"Organization","@id":"https:\/\/balkanwines.ca\/#organization","name":"PV Wine and Spirits","url":"https:\/\/balkanwines.ca\/","logo":{"@type":"ImageObject","inLanguage":"en-US","@id":"https:\/\/balkanwines.ca\/#\/schema\/logo\/image\/","url":"http:\/\/balkanwines.ca\/wp-content\/uploads\/2019\/08\/long-logo-PVWS-EN-red.png","contentUrl":"http:\/\/balkanwines.ca\/wp-content\/uploads\/2019\/08\/long-logo-PVWS-EN-red.png","width":2560,"height":683,"caption":"PV Wine and Spirits"},"image":{"@id":"https:\/\/balkanwines.ca\/#\/schema\/logo\/image\/"},"sameAs":["https:\/\/www.facebook.com\/PVFineSelections\/","https:\/\/www.instagram.com\/pvwineandspirits\/"]}]}},"_links":{"self":[{"href":"https:\/\/balkanwines.ca\/index.php\/wp-json\/wp\/v2\/pages\/3534"}],"collection":[{"href":"https:\/\/balkanwines.ca\/index.php\/wp-json\/wp\/v2\/pages"}],"about":[{"href":"https:\/\/balkanwines.ca\/index.php\/wp-json\/wp\/v2\/types\/page"}],"author":[{"embeddable":true,"href":"https:\/\/balkanwines.ca\/index.php\/wp-json\/wp\/v2\/users\/1"}],"replies":[{"embeddable":true,"href":"https:\/\/balkanwines.ca\/index.php\/wp-json\/wp\/v2\/comments?post=3534"}],"version-history":[{"count":0,"href":"https:\/\/balkanwines.ca\/index.php\/wp-json\/wp\/v2\/pages\/3534\/revisions"}],"wp:attachment":[{"href":"https:\/\/balkanwines.ca\/index.php\/wp-json\/wp\/v2\/media?parent=3534"}],"curies":[{"name":"wp","href":"https:\/\/api.w.org\/{rel}","templated":true}]}}